{"id":6240,"date":"2025-04-19T11:50:42","date_gmt":"2025-04-19T09:50:42","guid":{"rendered":"https:\/\/enseignementsuptchad.net\/?page_id=6240"},"modified":"2025-05-18T15:46:24","modified_gmt":"2025-05-18T14:46:24","slug":"biographie-du-ministre-detat","status":"publish","type":"page","link":"https:\/\/enseignementsuptchad.net\/ar\/biographie-du-ministre-detat\/","title":{"rendered":"Biographie du Ministre d&rsquo;Etat"},"content":{"rendered":"<div data-elementor-type=\"wp-page\" data-elementor-id=\"6240\" class=\"elementor elementor-6240\" data-elementor-post-type=\"page\">\n\t\t\t\t<div class=\"elementor-element elementor-element-f9e6d41 e-flex e-con-boxed e-con e-parent\" data-id=\"f9e6d41\" data-element_type=\"container\" data-e-type=\"container\">\n\t\t\t\t\t<div class=\"e-con-inner\">\n\t\t\t\t<div class=\"elementor-element elementor-element-e15c7a4 elementor-widget elementor-widget-image\" data-id=\"e15c7a4\" data-element_type=\"widget\" data-e-type=\"widget\" data-widget_type=\"image.default\">\n\t\t\t\t<div class=\"elementor-widget-container\">\n\t\t\t\t\t\t\t\t\t\t\t\t\t\t\t<img fetchpriority=\"high\" width=\"502\" height=\"566\"  class=\"attachment-large size-large wp-image-7111 lws-optimize-lazyload\" alt=\"\" srcset=\"https:\/\/enseignementsuptchad.net\/wp-content\/uploads\/2025\/05\/813168e2-0e9b-4dd7-a684-80f802ad9da0-768x614-1-e1746800584527.jpeg 502w, https:\/\/enseignementsuptchad.net\/wp-content\/uploads\/2025\/05\/813168e2-0e9b-4dd7-a684-80f802ad9da0-768x614-1-e1746800584527-266x300.jpeg 266w\" sizes=\"(max-width: 502px) 100vw, 502px\" >\t\t\t\t\t\t\t\t\t\t\t\t\t\t\t<\/div>\n\t\t\t\t<\/div>\n\t\t\t\t\t<\/div>\n\t\t\t\t<\/div>\n\t\t<div class=\"elementor-element elementor-element-61812b6 e-flex e-con-boxed e-con e-parent\" data-id=\"61812b6\" data-element_type=\"container\" data-e-type=\"container\">\n\t\t\t\t\t<div class=\"e-con-inner\">\n\t\t\t\t<div class=\"elementor-element elementor-element-00a5f41 elementor-widget elementor-widget-text-editor\" data-id=\"00a5f41\" data-element_type=\"widget\" data-e-type=\"widget\" data-widget_type=\"text-editor.default\">\n\t\t\t\t<div class=\"elementor-widget-container\">\n\t\t\t\t\t\t\t\t\t<p><strong>PRESENTATION DU MINISTRE D\u2019ETAT, MINISTRE DE L\u2019ENSEIGNEMENT SUPERIEUR, DE LA RECHERCHE SCIENTIFIQUE ET DE LA FORMATION PROFESSIONNELLE TOM ERDIMI<\/strong><\/p><p>Nomm\u00e9 Ministre d\u2019Etat, Ministre de l\u2019Enseignement Sup\u00e9rieur, de la Recherche Scientifique et de l\u2019innovation, le 14 octobre 2022, TOM ERDIMI, est un habitu\u00e9 du Minist\u00e8re de l\u2019Enseignement Sup\u00e9rieur. Titulaire d\u2019un Doctorat PhD en G\u00e9o Physique, il a occup\u00e9 plusieurs fonctions \u00e0 l\u2019Enseignement sup\u00e9rieur\u00a0: Recteur de l\u2019Universit\u00e9 du Tchad, Doyen de la Facult\u00e9 des Sciences Exactes et Appliqu\u00e9es de Farcha de 1985-1990, Pr\u00e9sident du jury du baccalaur\u00e9at de 1985 \u00e0 1989, enseignant-chercheur \u00e0 la Facult\u00e9 des Sciences Exactes et Appliqu\u00e9e de l\u2019Universit\u00e9 de N\u2019Djamena.<\/p><p>Hormis les responsabilit\u00e9s acad\u00e9miques, il fut Directeur de Cabinet du Pr\u00e9sident de la R\u00e9publique en 1991. Il a ensuite \u00e9t\u00e9 le 1<sup>er<\/sup> Coordonnateur national du projet p\u00e9trole de Doba, apr\u00e8s avoir \u00e9t\u00e9 repr\u00e9sentant du Tchad aupr\u00e8s du consortium p\u00e9trolier Exxon, \u00e0 Houston (1997) d&rsquo;o\u00f9 il a nou\u00e9 des liens \u00e9troits avec des p\u00e9troliers texans.<\/p><p>Apr\u00e8s quelques ann\u00e9es d\u2019exil, il rentre au pays en septembre 2022 suite aux Accords de Doha (Qatar) entre les Politico-Militaires et le Conseil Militaire de Transition. Le 14 octobre 2022, il est nomm\u00e9 Ministre d\u2019Etat, Ministre de l\u2019Enseignement Sup\u00e9rieur, de la Recherche Scientifique et de l\u2019Innovation dans le Gouvernement d\u2019Union nationale. Il a pris fonction le 17 octobre 2022.<\/p><p>Depuis sa prise de fonction, le Ministre d\u2019\u00c9tat a engag\u00e9 plusieurs reformes dans le cadre de la modernisation de l\u2019enseignement sup\u00e9rieur. La derni\u00e8re mesure appr\u00e9ci\u00e9e de tous est celle relative \u00e0 la normalisation de la rentr\u00e9e acad\u00e9mique qui court d\u00e9sormais du 1<sup>er<\/sup>\u00a0octobre au 3O juin de l\u2019ann\u00e9e dans toutes les institutions de l\u2019enseignement sup\u00e9rieur. \u00a0<\/p>\t\t\t\t\t\t\t\t<\/div>\n\t\t\t\t<\/div>\n\t\t\t\t\t<\/div>\n\t\t\t\t<\/div>\n\t\t\t\t<\/div>","protected":false},"excerpt":{"rendered":"<p>PRESENTATION DU MINISTRE D\u2019ETAT, MINISTRE DE L\u2019ENSEIGNEMENT SUPERIEUR, DE LA RECHERCHE SCIENTIFIQUE ET DE LA FORMATION PROFESSIONNELLE TOM ERDIMI Nomm\u00e9 Ministre d\u2019Etat, Ministre de l\u2019Enseignement Sup\u00e9rieur, de la Recherche Scientifique et de l\u2019innovation, le 14 octobre 2022, TOM ERDIMI, est un habitu\u00e9 du Minist\u00e8re de l\u2019Enseignement Sup\u00e9rieur. Titulaire d\u2019un Doctorat [&hellip;]<\/p>","protected":false},"author":1,"featured_media":0,"parent":0,"menu_order":0,"comment_status":"closed","ping_status":"closed","template":"","meta":{"_eb_attr":"","footnotes":""},"class_list":["post-6240","page","type-page","status-publish","hentry"],"yoast_head":"<!-- This site is optimized with the Yoast SEO plugin v27.4 - https:\/\/yoast.com\/product\/yoast-seo-wordpress\/ -->\n<title>Biographie du Ministre d&#039;Etat - Enseignement Sup\u00e9rieur du Tchad<\/title>\n<meta name=\"robots\" content=\"index, follow, max-snippet:-1, max-image-preview:large, max-video-preview:-1\" \/>\n<link rel=\"canonical\" href=\"https:\/\/enseignementsuptchad.net\/ar\/biographie-du-ministre-detat\/\" \/>\n<meta property=\"og:locale\" content=\"ar_AR\" \/>\n<meta property=\"og:type\" content=\"article\" \/>\n<meta property=\"og:title\" content=\"Biographie du Ministre d&#039;Etat - Enseignement Sup\u00e9rieur du Tchad\" \/>\n<meta property=\"og:description\" content=\"PRESENTATION DU MINISTRE D\u2019ETAT, MINISTRE DE L\u2019ENSEIGNEMENT SUPERIEUR, DE LA RECHERCHE SCIENTIFIQUE ET DE LA FORMATION PROFESSIONNELLE TOM ERDIMI Nomm\u00e9 Ministre d\u2019Etat, Ministre de l\u2019Enseignement Sup\u00e9rieur, de la Recherche Scientifique et de l\u2019innovation, le 14 octobre 2022, TOM ERDIMI, est un habitu\u00e9 du Minist\u00e8re de l\u2019Enseignement Sup\u00e9rieur. Titulaire d\u2019un Doctorat [&hellip;]\" \/>\n<meta property=\"og:url\" content=\"https:\/\/enseignementsuptchad.net\/ar\/biographie-du-ministre-detat\/\" \/>\n<meta property=\"og:site_name\" content=\"Enseignement Sup\u00e9rieur du Tchad\" \/>\n<meta property=\"article:modified_time\" content=\"2025-05-18T14:46:24+00:00\" \/>\n<meta property=\"og:image\" content=\"https:\/\/enseignementsuptchad.net\/wp-content\/uploads\/2025\/05\/813168e2-0e9b-4dd7-a684-80f802ad9da0-768x614-1-e1746800584527.jpeg\" \/>\n\t<meta property=\"og:image:width\" content=\"502\" \/>\n\t<meta property=\"og:image:height\" content=\"566\" \/>\n\t<meta property=\"og:image:type\" content=\"image\/jpeg\" \/>\n<meta name=\"twitter:card\" content=\"summary_large_image\" \/>\n<meta name=\"twitter:label1\" content=\"\u0648\u0642\u062a \u0627\u0644\u0642\u0631\u0627\u0621\u0629 \u0627\u0644\u0645\u064f\u0642\u062f\u0651\u0631\" \/>\n\t<meta name=\"twitter:data1\" content=\"\u062f\u0642\u064a\u0642\u062a\u0627\u0646\" \/>\n<script type=\"application\/ld+json\" class=\"yoast-schema-graph\">{\"@context\":\"https:\\\/\\\/schema.org\",\"@graph\":[{\"@type\":\"WebPage\",\"@id\":\"https:\\\/\\\/enseignementsuptchad.net\\\/biographie-du-ministre-detat\\\/\",\"url\":\"https:\\\/\\\/enseignementsuptchad.net\\\/biographie-du-ministre-detat\\\/\",\"name\":\"Biographie du Ministre d'Etat - Enseignement Sup\u00e9rieur du Tchad\",\"isPartOf\":{\"@id\":\"https:\\\/\\\/enseignementsuptchad.net\\\/#website\"},\"primaryImageOfPage\":{\"@id\":\"https:\\\/\\\/enseignementsuptchad.net\\\/biographie-du-ministre-detat\\\/#primaryimage\"},\"image\":{\"@id\":\"https:\\\/\\\/enseignementsuptchad.net\\\/biographie-du-ministre-detat\\\/#primaryimage\"},\"thumbnailUrl\":\"https:\\\/\\\/enseignementsuptchad.net\\\/wp-content\\\/uploads\\\/2025\\\/05\\\/813168e2-0e9b-4dd7-a684-80f802ad9da0-768x614-1-e1746800584527.jpeg\",\"datePublished\":\"2025-04-19T09:50:42+00:00\",\"dateModified\":\"2025-05-18T14:46:24+00:00\",\"breadcrumb\":{\"@id\":\"https:\\\/\\\/enseignementsuptchad.net\\\/biographie-du-ministre-detat\\\/#breadcrumb\"},\"inLanguage\":\"ar\",\"potentialAction\":[{\"@type\":\"ReadAction\",\"target\":[\"https:\\\/\\\/enseignementsuptchad.net\\\/biographie-du-ministre-detat\\\/\"]}]},{\"@type\":\"ImageObject\",\"inLanguage\":\"ar\",\"@id\":\"https:\\\/\\\/enseignementsuptchad.net\\\/biographie-du-ministre-detat\\\/#primaryimage\",\"url\":\"https:\\\/\\\/enseignementsuptchad.net\\\/wp-content\\\/uploads\\\/2025\\\/05\\\/813168e2-0e9b-4dd7-a684-80f802ad9da0-768x614-1-e1746800584527.jpeg\",\"contentUrl\":\"https:\\\/\\\/enseignementsuptchad.net\\\/wp-content\\\/uploads\\\/2025\\\/05\\\/813168e2-0e9b-4dd7-a684-80f802ad9da0-768x614-1-e1746800584527.jpeg\"},{\"@type\":\"BreadcrumbList\",\"@id\":\"https:\\\/\\\/enseignementsuptchad.net\\\/biographie-du-ministre-detat\\\/#breadcrumb\",\"itemListElement\":[{\"@type\":\"ListItem\",\"position\":1,\"name\":\"Home\",\"item\":\"https:\\\/\\\/enseignementsuptchad.net\\\/\"},{\"@type\":\"ListItem\",\"position\":2,\"name\":\"Biographie du Ministre d&rsquo;Etat\"}]},{\"@type\":\"WebSite\",\"@id\":\"https:\\\/\\\/enseignementsuptchad.net\\\/#website\",\"url\":\"https:\\\/\\\/enseignementsuptchad.net\\\/\",\"name\":\"Enseignement Sup\u00e9rieur du Tchad\",\"description\":\"\",\"publisher\":{\"@id\":\"https:\\\/\\\/enseignementsuptchad.net\\\/#organization\"},\"potentialAction\":[{\"@type\":\"SearchAction\",\"target\":{\"@type\":\"EntryPoint\",\"urlTemplate\":\"https:\\\/\\\/enseignementsuptchad.net\\\/?s={search_term_string}\"},\"query-input\":{\"@type\":\"PropertyValueSpecification\",\"valueRequired\":true,\"valueName\":\"search_term_string\"}}],\"inLanguage\":\"ar\"},{\"@type\":\"Organization\",\"@id\":\"https:\\\/\\\/enseignementsuptchad.net\\\/#organization\",\"name\":\"Enseignement Sup\u00e9rieur du Tchad\",\"url\":\"https:\\\/\\\/enseignementsuptchad.net\\\/\",\"logo\":{\"@type\":\"ImageObject\",\"inLanguage\":\"ar\",\"@id\":\"https:\\\/\\\/enseignementsuptchad.net\\\/#\\\/schema\\\/logo\\\/image\\\/\",\"url\":\"https:\\\/\\\/enseignementsuptchad.net\\\/wp-content\\\/uploads\\\/2025\\\/04\\\/cropped-Plan-de-travail-1-1-1-e1748262558104.png\",\"contentUrl\":\"https:\\\/\\\/enseignementsuptchad.net\\\/wp-content\\\/uploads\\\/2025\\\/04\\\/cropped-Plan-de-travail-1-1-1-e1748262558104.png\",\"width\":162,\"height\":136,\"caption\":\"Enseignement Sup\u00e9rieur du Tchad\"},\"image\":{\"@id\":\"https:\\\/\\\/enseignementsuptchad.net\\\/#\\\/schema\\\/logo\\\/image\\\/\"}}]}<\/script>\n<!-- \/ Yoast SEO plugin. -->","yoast_head_json":{"title":"Biographie du Ministre d'Etat - Enseignement Sup\u00e9rieur du Tchad","robots":{"index":"index","follow":"follow","max-snippet":"max-snippet:-1","max-image-preview":"max-image-preview:large","max-video-preview":"max-video-preview:-1"},"canonical":"https:\/\/enseignementsuptchad.net\/ar\/biographie-du-ministre-detat\/","og_locale":"ar_AR","og_type":"article","og_title":"Biographie du Ministre d'Etat - Enseignement Sup\u00e9rieur du Tchad","og_description":"PRESENTATION DU MINISTRE D\u2019ETAT, MINISTRE DE L\u2019ENSEIGNEMENT SUPERIEUR, DE LA RECHERCHE SCIENTIFIQUE ET DE LA FORMATION PROFESSIONNELLE TOM ERDIMI Nomm\u00e9 Ministre d\u2019Etat, Ministre de l\u2019Enseignement Sup\u00e9rieur, de la Recherche Scientifique et de l\u2019innovation, le 14 octobre 2022, TOM ERDIMI, est un habitu\u00e9 du Minist\u00e8re de l\u2019Enseignement Sup\u00e9rieur. Titulaire d\u2019un Doctorat [&hellip;]","og_url":"https:\/\/enseignementsuptchad.net\/ar\/biographie-du-ministre-detat\/","og_site_name":"Enseignement Sup\u00e9rieur du Tchad","article_modified_time":"2025-05-18T14:46:24+00:00","og_image":[{"width":502,"height":566,"url":"https:\/\/enseignementsuptchad.net\/wp-content\/uploads\/2025\/05\/813168e2-0e9b-4dd7-a684-80f802ad9da0-768x614-1-e1746800584527.jpeg","type":"image\/jpeg"}],"twitter_card":"summary_large_image","twitter_misc":{"\u0648\u0642\u062a \u0627\u0644\u0642\u0631\u0627\u0621\u0629 \u0627\u0644\u0645\u064f\u0642\u062f\u0651\u0631":"\u062f\u0642\u064a\u0642\u062a\u0627\u0646"},"schema":{"@context":"https:\/\/schema.org","@graph":[{"@type":"WebPage","@id":"https:\/\/enseignementsuptchad.net\/biographie-du-ministre-detat\/","url":"https:\/\/enseignementsuptchad.net\/biographie-du-ministre-detat\/","name":"Biographie du Ministre d'Etat - Enseignement Sup\u00e9rieur du Tchad","isPartOf":{"@id":"https:\/\/enseignementsuptchad.net\/#website"},"primaryImageOfPage":{"@id":"https:\/\/enseignementsuptchad.net\/biographie-du-ministre-detat\/#primaryimage"},"image":{"@id":"https:\/\/enseignementsuptchad.net\/biographie-du-ministre-detat\/#primaryimage"},"thumbnailUrl":"https:\/\/enseignementsuptchad.net\/wp-content\/uploads\/2025\/05\/813168e2-0e9b-4dd7-a684-80f802ad9da0-768x614-1-e1746800584527.jpeg","datePublished":"2025-04-19T09:50:42+00:00","dateModified":"2025-05-18T14:46:24+00:00","breadcrumb":{"@id":"https:\/\/enseignementsuptchad.net\/biographie-du-ministre-detat\/#breadcrumb"},"inLanguage":"ar","potentialAction":[{"@type":"ReadAction","target":["https:\/\/enseignementsuptchad.net\/biographie-du-ministre-detat\/"]}]},{"@type":"ImageObject","inLanguage":"ar","@id":"https:\/\/enseignementsuptchad.net\/biographie-du-ministre-detat\/#primaryimage","url":"https:\/\/enseignementsuptchad.net\/wp-content\/uploads\/2025\/05\/813168e2-0e9b-4dd7-a684-80f802ad9da0-768x614-1-e1746800584527.jpeg","contentUrl":"https:\/\/enseignementsuptchad.net\/wp-content\/uploads\/2025\/05\/813168e2-0e9b-4dd7-a684-80f802ad9da0-768x614-1-e1746800584527.jpeg"},{"@type":"BreadcrumbList","@id":"https:\/\/enseignementsuptchad.net\/biographie-du-ministre-detat\/#breadcrumb","itemListElement":[{"@type":"ListItem","position":1,"name":"Home","item":"https:\/\/enseignementsuptchad.net\/"},{"@type":"ListItem","position":2,"name":"Biographie du Ministre d&rsquo;Etat"}]},{"@type":"WebSite","@id":"https:\/\/enseignementsuptchad.net\/#website","url":"https:\/\/enseignementsuptchad.net\/","name":"Enseignement Sup\u00e9rieur du Tchad","description":"","publisher":{"@id":"https:\/\/enseignementsuptchad.net\/#organization"},"potentialAction":[{"@type":"SearchAction","target":{"@type":"EntryPoint","urlTemplate":"https:\/\/enseignementsuptchad.net\/?s={search_term_string}"},"query-input":{"@type":"PropertyValueSpecification","valueRequired":true,"valueName":"search_term_string"}}],"inLanguage":"ar"},{"@type":"Organization","@id":"https:\/\/enseignementsuptchad.net\/#organization","name":"Enseignement Sup\u00e9rieur du Tchad","url":"https:\/\/enseignementsuptchad.net\/","logo":{"@type":"ImageObject","inLanguage":"ar","@id":"https:\/\/enseignementsuptchad.net\/#\/schema\/logo\/image\/","url":"https:\/\/enseignementsuptchad.net\/wp-content\/uploads\/2025\/04\/cropped-Plan-de-travail-1-1-1-e1748262558104.png","contentUrl":"https:\/\/enseignementsuptchad.net\/wp-content\/uploads\/2025\/04\/cropped-Plan-de-travail-1-1-1-e1748262558104.png","width":162,"height":136,"caption":"Enseignement Sup\u00e9rieur du Tchad"},"image":{"@id":"https:\/\/enseignementsuptchad.net\/#\/schema\/logo\/image\/"}}]}},"_links":{"self":[{"href":"https:\/\/enseignementsuptchad.net\/ar\/wp-json\/wp\/v2\/pages\/6240","targetHints":{"allow":["GET"]}}],"collection":[{"href":"https:\/\/enseignementsuptchad.net\/ar\/wp-json\/wp\/v2\/pages"}],"about":[{"href":"https:\/\/enseignementsuptchad.net\/ar\/wp-json\/wp\/v2\/types\/page"}],"author":[{"embeddable":true,"href":"https:\/\/enseignementsuptchad.net\/ar\/wp-json\/wp\/v2\/users\/1"}],"replies":[{"embeddable":true,"href":"https:\/\/enseignementsuptchad.net\/ar\/wp-json\/wp\/v2\/comments?post=6240"}],"version-history":[{"count":22,"href":"https:\/\/enseignementsuptchad.net\/ar\/wp-json\/wp\/v2\/pages\/6240\/revisions"}],"predecessor-version":[{"id":7513,"href":"https:\/\/enseignementsuptchad.net\/ar\/wp-json\/wp\/v2\/pages\/6240\/revisions\/7513"}],"wp:attachment":[{"href":"https:\/\/enseignementsuptchad.net\/ar\/wp-json\/wp\/v2\/media?parent=6240"}],"curies":[{"name":"wp","href":"https:\/\/api.w.org\/{rel}","templated":true}]}}