{"id":6241,"date":"2025-04-19T11:50:42","date_gmt":"2025-04-19T09:50:42","guid":{"rendered":"https:\/\/enseignementsuptchad.net\/?page_id=6241"},"modified":"2025-04-28T15:28:23","modified_gmt":"2025-04-28T14:28:23","slug":"biographie-du-secretaire-detat","status":"publish","type":"page","link":"https:\/\/enseignementsuptchad.net\/ar\/biographie-du-secretaire-detat\/","title":{"rendered":"Biographie du Secr\u00e9taire d\u2019\u00c9tat"},"content":{"rendered":"<p class=\"has-small-font-size\"><img width=\"150\" height=\"198\" class=\"wp-image-6609 lws-optimize-lazyload\" style=\"width: 150px;\"  alt=\"\" data-src=\"https:\/\/enseignementsuptchad.net\/wp-content\/uploads\/2025\/04\/WhatsApp-Image-2025-04-26-at-12.20.07-1-e1745848920847.jpeg\" srcset=\"https:\/\/enseignementsuptchad.net\/wp-content\/uploads\/2025\/04\/WhatsApp-Image-2025-04-26-at-12.20.07-1-e1745848920847.jpeg 800w, https:\/\/enseignementsuptchad.net\/wp-content\/uploads\/2025\/04\/WhatsApp-Image-2025-04-26-at-12.20.07-1-e1745848920847-227x300.jpeg 227w, https:\/\/enseignementsuptchad.net\/wp-content\/uploads\/2025\/04\/WhatsApp-Image-2025-04-26-at-12.20.07-1-e1745848920847-776x1024.jpeg 776w, https:\/\/enseignementsuptchad.net\/wp-content\/uploads\/2025\/04\/WhatsApp-Image-2025-04-26-at-12.20.07-1-e1745848920847-768x1013.jpeg 768w, https:\/\/enseignementsuptchad.net\/wp-content\/uploads\/2025\/04\/WhatsApp-Image-2025-04-26-at-12.20.07-1-e1745848920847-624x823.jpeg 624w\" sizes=\"(max-width: 150px) 100vw, 150px\" \/><\/p>\n\n\n\n<p class=\"has-small-font-size\"><\/p>\n\n\n\n<div class=\"wp-block-essential-blocks-advanced-heading  root-eb-advance-heading-0l0eh\"><div class=\"eb-parent-wrapper eb-parent-eb-advance-heading-0l0eh\"><div class=\"eb-advance-heading-wrapper eb-advance-heading-0l0eh button-1 undefined\" data-id=\"eb-advance-heading-0l0eh\"><p class=\"eb-ah-title\"><span class=\"first-title\"><strong>Colette NGABERE<\/strong>, n\u00e9e le 28 mars 1965 \u00e0 Sarh (Moyen-Chari), est une pharmacienne de sant\u00e9 publique tchadienne, hautement exp\u00e9riment\u00e9e dans les domaines de la r\u00e9glementation pharmaceutique, du contr\u00f4le qualit\u00e9 des m\u00e9dicaments, de la gestion logistique des produits de sant\u00e9 et de la sant\u00e9 publique internationale. Elle est actuellement <strong>Ministre Secr\u00e9taire d\u2019\u00c9tat \u00e0 l\u2019Enseignement Sup\u00e9rieur, de la Recherche Scientifique et de la Formation Professionnelle<\/strong> depuis le 6 f\u00e9vrier 2025.<br>Elle est titulaire d\u2019un <strong>Doctorat en Pharmacie<\/strong> de l\u2019Acad\u00e9mie de Pharmacie d\u2019Ukraine (Kharkov, 1996), d\u2019un <strong>Master en Sant\u00e9 Publique<\/strong> de l\u2019Institut de M\u00e9decine Tropicale Prince L\u00e9opold (Anvers, 2005), et d\u2019un <strong>certificat d\u2019anglais City and Guilds<\/strong> obtenu au Manchester College au Royaume-Uni.<br>Sa carri\u00e8re professionnelle s\u2019\u00e9tend sur plus de 25 ans au sein du <strong>Minist\u00e8re de la Sant\u00e9 Publique et de la Pr\u00e9vention<\/strong> du Tchad, o\u00f9 elle a occup\u00e9 de nombreuses fonctions de direction, dont :<br><br>&#8211; <strong>Directrice G\u00e9n\u00e9rale de la Pharmacie du M\u00e9dicament et des Laboratoires<\/strong><br>&#8211; <strong>Directrice G\u00e9n\u00e9rale Adjointe<\/strong><br><strong>&#8211; Directrice du Laboratoire de Contr\u00f4le Qualit\u00e9 des M\u00e9dicaments<\/strong><br>&#8211; <strong>Responsable de l\u2019Unit\u00e9 de Gestion Logistique<\/strong><br>&#8211; <strong>Chef de Division Pharmacie<\/strong> \u00e0 la Direction de la Pharmacie<br>&#8211; <strong>Responsable nationale des Antir\u00e9troviraux<\/strong><br>&#8211; <strong>Chef de Division Gestion des Stocks \u00e0 la Centrale Pharmaceutique d\u2019Achat (CPA)<\/strong><br><br>Elle a \u00e9galement assum\u00e9 des responsabilit\u00e9s strat\u00e9giques comme <strong>Point focal national pour la r\u00e9sistance aux antimicrobiens<\/strong>, <strong>Pr\u00e9sidente du Conseil d\u2019Administration de la CPA<\/strong>, <strong>Vice-pr\u00e9sidente de l\u2019Ordre National des Pharmaciens du Tchad<\/strong>, et <strong>membre de plusieurs commissions nationales et internationales<\/strong> dans le domaine pharmaceutique.<br>En parall\u00e8le de ses fonctions, elle a pris part \u00e0 de <strong>nombreux s\u00e9minaires, ateliers et formations<\/strong> dans plus de <strong>40 pays \u00e0 travers le monde<\/strong>, renfor\u00e7ant ses comp\u00e9tences en r\u00e9glementation pharmaceutique, logistique, bonne pratique pharmaceutique, lutte contre les faux m\u00e9dicaments, et r\u00e9ponse aux pand\u00e9mies (notamment VIH\/SIDA et paludisme).<br>Colette NGABERE parle couramment <strong>le fran\u00e7ais, le russe et l\u2019anglais<\/strong>. Elle ma\u00eetrise les outils bureautiques classiques ainsi que des logiciels sp\u00e9cialis\u00e9s comme <strong>SIAMED<\/strong> pour l\u2019enregistrement des m\u00e9dicaments.<br>\u00a0<\/span><\/p><\/div><\/div><\/div>","protected":false},"excerpt":{"rendered":"","protected":false},"author":1,"featured_media":6609,"parent":0,"menu_order":0,"comment_status":"closed","ping_status":"closed","template":"","meta":{"_eb_attr":"","footnotes":""},"class_list":["post-6241","page","type-page","status-publish","has-post-thumbnail","hentry"],"yoast_head":"<!-- This site is optimized with the Yoast SEO plugin v27.4 - https:\/\/yoast.com\/product\/yoast-seo-wordpress\/ -->\n<title>Biographie du Secr\u00e9taire d\u2019\u00c9tat - Enseignement Sup\u00e9rieur du Tchad<\/title>\n<meta name=\"robots\" content=\"index, follow, max-snippet:-1, max-image-preview:large, max-video-preview:-1\" \/>\n<link rel=\"canonical\" href=\"https:\/\/enseignementsuptchad.net\/ar\/biographie-du-secretaire-detat\/\" \/>\n<meta property=\"og:locale\" content=\"ar_AR\" \/>\n<meta property=\"og:type\" content=\"article\" \/>\n<meta property=\"og:title\" content=\"Biographie du Secr\u00e9taire d\u2019\u00c9tat - Enseignement Sup\u00e9rieur du Tchad\" \/>\n<meta property=\"og:url\" content=\"https:\/\/enseignementsuptchad.net\/ar\/biographie-du-secretaire-detat\/\" \/>\n<meta property=\"og:site_name\" content=\"Enseignement Sup\u00e9rieur du Tchad\" \/>\n<meta property=\"article:modified_time\" content=\"2025-04-28T14:28:23+00:00\" \/>\n<meta property=\"og:image\" content=\"https:\/\/enseignementsuptchad.net\/wp-content\/uploads\/2025\/04\/WhatsApp-Image-2025-04-26-at-12.20.07-1-e1745848920847.jpeg\" \/>\n\t<meta property=\"og:image:width\" content=\"800\" \/>\n\t<meta property=\"og:image:height\" content=\"1055\" \/>\n\t<meta property=\"og:image:type\" content=\"image\/jpeg\" \/>\n<meta name=\"twitter:card\" content=\"summary_large_image\" \/>\n<meta name=\"twitter:label1\" content=\"\u0648\u0642\u062a \u0627\u0644\u0642\u0631\u0627\u0621\u0629 \u0627\u0644\u0645\u064f\u0642\u062f\u0651\u0631\" \/>\n\t<meta name=\"twitter:data1\" content=\"3 \u062f\u0642\u0627\u0626\u0642\" \/>\n<script type=\"application\/ld+json\" class=\"yoast-schema-graph\">{\"@context\":\"https:\\\/\\\/schema.org\",\"@graph\":[{\"@type\":\"WebPage\",\"@id\":\"https:\\\/\\\/enseignementsuptchad.net\\\/biographie-du-secretaire-detat\\\/\",\"url\":\"https:\\\/\\\/enseignementsuptchad.net\\\/biographie-du-secretaire-detat\\\/\",\"name\":\"Biographie du Secr\u00e9taire d\u2019\u00c9tat - Enseignement Sup\u00e9rieur du Tchad\",\"isPartOf\":{\"@id\":\"https:\\\/\\\/enseignementsuptchad.net\\\/#website\"},\"primaryImageOfPage\":{\"@id\":\"https:\\\/\\\/enseignementsuptchad.net\\\/biographie-du-secretaire-detat\\\/#primaryimage\"},\"image\":{\"@id\":\"https:\\\/\\\/enseignementsuptchad.net\\\/biographie-du-secretaire-detat\\\/#primaryimage\"},\"thumbnailUrl\":\"https:\\\/\\\/enseignementsuptchad.net\\\/wp-content\\\/uploads\\\/2025\\\/04\\\/WhatsApp-Image-2025-04-26-at-12.20.07-1-e1745848920847.jpeg\",\"datePublished\":\"2025-04-19T09:50:42+00:00\",\"dateModified\":\"2025-04-28T14:28:23+00:00\",\"breadcrumb\":{\"@id\":\"https:\\\/\\\/enseignementsuptchad.net\\\/biographie-du-secretaire-detat\\\/#breadcrumb\"},\"inLanguage\":\"ar\",\"potentialAction\":[{\"@type\":\"ReadAction\",\"target\":[\"https:\\\/\\\/enseignementsuptchad.net\\\/biographie-du-secretaire-detat\\\/\"]}]},{\"@type\":\"ImageObject\",\"inLanguage\":\"ar\",\"@id\":\"https:\\\/\\\/enseignementsuptchad.net\\\/biographie-du-secretaire-detat\\\/#primaryimage\",\"url\":\"https:\\\/\\\/enseignementsuptchad.net\\\/wp-content\\\/uploads\\\/2025\\\/04\\\/WhatsApp-Image-2025-04-26-at-12.20.07-1-e1745848920847.jpeg\",\"contentUrl\":\"https:\\\/\\\/enseignementsuptchad.net\\\/wp-content\\\/uploads\\\/2025\\\/04\\\/WhatsApp-Image-2025-04-26-at-12.20.07-1-e1745848920847.jpeg\",\"width\":800,\"height\":1055},{\"@type\":\"BreadcrumbList\",\"@id\":\"https:\\\/\\\/enseignementsuptchad.net\\\/biographie-du-secretaire-detat\\\/#breadcrumb\",\"itemListElement\":[{\"@type\":\"ListItem\",\"position\":1,\"name\":\"Home\",\"item\":\"https:\\\/\\\/enseignementsuptchad.net\\\/\"},{\"@type\":\"ListItem\",\"position\":2,\"name\":\"Biographie du Secr\u00e9taire d\u2019\u00c9tat\"}]},{\"@type\":\"WebSite\",\"@id\":\"https:\\\/\\\/enseignementsuptchad.net\\\/#website\",\"url\":\"https:\\\/\\\/enseignementsuptchad.net\\\/\",\"name\":\"Enseignement Sup\u00e9rieur du Tchad\",\"description\":\"\",\"publisher\":{\"@id\":\"https:\\\/\\\/enseignementsuptchad.net\\\/#organization\"},\"potentialAction\":[{\"@type\":\"SearchAction\",\"target\":{\"@type\":\"EntryPoint\",\"urlTemplate\":\"https:\\\/\\\/enseignementsuptchad.net\\\/?s={search_term_string}\"},\"query-input\":{\"@type\":\"PropertyValueSpecification\",\"valueRequired\":true,\"valueName\":\"search_term_string\"}}],\"inLanguage\":\"ar\"},{\"@type\":\"Organization\",\"@id\":\"https:\\\/\\\/enseignementsuptchad.net\\\/#organization\",\"name\":\"Enseignement Sup\u00e9rieur du Tchad\",\"url\":\"https:\\\/\\\/enseignementsuptchad.net\\\/\",\"logo\":{\"@type\":\"ImageObject\",\"inLanguage\":\"ar\",\"@id\":\"https:\\\/\\\/enseignementsuptchad.net\\\/#\\\/schema\\\/logo\\\/image\\\/\",\"url\":\"https:\\\/\\\/enseignementsuptchad.net\\\/wp-content\\\/uploads\\\/2025\\\/04\\\/cropped-Plan-de-travail-1-1-1-e1748262558104.png\",\"contentUrl\":\"https:\\\/\\\/enseignementsuptchad.net\\\/wp-content\\\/uploads\\\/2025\\\/04\\\/cropped-Plan-de-travail-1-1-1-e1748262558104.png\",\"width\":162,\"height\":136,\"caption\":\"Enseignement Sup\u00e9rieur du Tchad\"},\"image\":{\"@id\":\"https:\\\/\\\/enseignementsuptchad.net\\\/#\\\/schema\\\/logo\\\/image\\\/\"}}]}<\/script>\n<!-- \/ Yoast SEO plugin. -->","yoast_head_json":{"title":"Biographie du Secr\u00e9taire d\u2019\u00c9tat - Enseignement Sup\u00e9rieur du Tchad","robots":{"index":"index","follow":"follow","max-snippet":"max-snippet:-1","max-image-preview":"max-image-preview:large","max-video-preview":"max-video-preview:-1"},"canonical":"https:\/\/enseignementsuptchad.net\/ar\/biographie-du-secretaire-detat\/","og_locale":"ar_AR","og_type":"article","og_title":"Biographie du Secr\u00e9taire d\u2019\u00c9tat - Enseignement Sup\u00e9rieur du Tchad","og_url":"https:\/\/enseignementsuptchad.net\/ar\/biographie-du-secretaire-detat\/","og_site_name":"Enseignement Sup\u00e9rieur du Tchad","article_modified_time":"2025-04-28T14:28:23+00:00","og_image":[{"width":800,"height":1055,"url":"https:\/\/enseignementsuptchad.net\/wp-content\/uploads\/2025\/04\/WhatsApp-Image-2025-04-26-at-12.20.07-1-e1745848920847.jpeg","type":"image\/jpeg"}],"twitter_card":"summary_large_image","twitter_misc":{"\u0648\u0642\u062a \u0627\u0644\u0642\u0631\u0627\u0621\u0629 \u0627\u0644\u0645\u064f\u0642\u062f\u0651\u0631":"3 \u062f\u0642\u0627\u0626\u0642"},"schema":{"@context":"https:\/\/schema.org","@graph":[{"@type":"WebPage","@id":"https:\/\/enseignementsuptchad.net\/biographie-du-secretaire-detat\/","url":"https:\/\/enseignementsuptchad.net\/biographie-du-secretaire-detat\/","name":"Biographie du Secr\u00e9taire d\u2019\u00c9tat - Enseignement Sup\u00e9rieur du Tchad","isPartOf":{"@id":"https:\/\/enseignementsuptchad.net\/#website"},"primaryImageOfPage":{"@id":"https:\/\/enseignementsuptchad.net\/biographie-du-secretaire-detat\/#primaryimage"},"image":{"@id":"https:\/\/enseignementsuptchad.net\/biographie-du-secretaire-detat\/#primaryimage"},"thumbnailUrl":"https:\/\/enseignementsuptchad.net\/wp-content\/uploads\/2025\/04\/WhatsApp-Image-2025-04-26-at-12.20.07-1-e1745848920847.jpeg","datePublished":"2025-04-19T09:50:42+00:00","dateModified":"2025-04-28T14:28:23+00:00","breadcrumb":{"@id":"https:\/\/enseignementsuptchad.net\/biographie-du-secretaire-detat\/#breadcrumb"},"inLanguage":"ar","potentialAction":[{"@type":"ReadAction","target":["https:\/\/enseignementsuptchad.net\/biographie-du-secretaire-detat\/"]}]},{"@type":"ImageObject","inLanguage":"ar","@id":"https:\/\/enseignementsuptchad.net\/biographie-du-secretaire-detat\/#primaryimage","url":"https:\/\/enseignementsuptchad.net\/wp-content\/uploads\/2025\/04\/WhatsApp-Image-2025-04-26-at-12.20.07-1-e1745848920847.jpeg","contentUrl":"https:\/\/enseignementsuptchad.net\/wp-content\/uploads\/2025\/04\/WhatsApp-Image-2025-04-26-at-12.20.07-1-e1745848920847.jpeg","width":800,"height":1055},{"@type":"BreadcrumbList","@id":"https:\/\/enseignementsuptchad.net\/biographie-du-secretaire-detat\/#breadcrumb","itemListElement":[{"@type":"ListItem","position":1,"name":"Home","item":"https:\/\/enseignementsuptchad.net\/"},{"@type":"ListItem","position":2,"name":"Biographie du Secr\u00e9taire d\u2019\u00c9tat"}]},{"@type":"WebSite","@id":"https:\/\/enseignementsuptchad.net\/#website","url":"https:\/\/enseignementsuptchad.net\/","name":"Enseignement Sup\u00e9rieur du Tchad","description":"","publisher":{"@id":"https:\/\/enseignementsuptchad.net\/#organization"},"potentialAction":[{"@type":"SearchAction","target":{"@type":"EntryPoint","urlTemplate":"https:\/\/enseignementsuptchad.net\/?s={search_term_string}"},"query-input":{"@type":"PropertyValueSpecification","valueRequired":true,"valueName":"search_term_string"}}],"inLanguage":"ar"},{"@type":"Organization","@id":"https:\/\/enseignementsuptchad.net\/#organization","name":"Enseignement Sup\u00e9rieur du Tchad","url":"https:\/\/enseignementsuptchad.net\/","logo":{"@type":"ImageObject","inLanguage":"ar","@id":"https:\/\/enseignementsuptchad.net\/#\/schema\/logo\/image\/","url":"https:\/\/enseignementsuptchad.net\/wp-content\/uploads\/2025\/04\/cropped-Plan-de-travail-1-1-1-e1748262558104.png","contentUrl":"https:\/\/enseignementsuptchad.net\/wp-content\/uploads\/2025\/04\/cropped-Plan-de-travail-1-1-1-e1748262558104.png","width":162,"height":136,"caption":"Enseignement Sup\u00e9rieur du Tchad"},"image":{"@id":"https:\/\/enseignementsuptchad.net\/#\/schema\/logo\/image\/"}}]}},"_links":{"self":[{"href":"https:\/\/enseignementsuptchad.net\/ar\/wp-json\/wp\/v2\/pages\/6241","targetHints":{"allow":["GET"]}}],"collection":[{"href":"https:\/\/enseignementsuptchad.net\/ar\/wp-json\/wp\/v2\/pages"}],"about":[{"href":"https:\/\/enseignementsuptchad.net\/ar\/wp-json\/wp\/v2\/types\/page"}],"author":[{"embeddable":true,"href":"https:\/\/enseignementsuptchad.net\/ar\/wp-json\/wp\/v2\/users\/1"}],"replies":[{"embeddable":true,"href":"https:\/\/enseignementsuptchad.net\/ar\/wp-json\/wp\/v2\/comments?post=6241"}],"version-history":[{"count":7,"href":"https:\/\/enseignementsuptchad.net\/ar\/wp-json\/wp\/v2\/pages\/6241\/revisions"}],"predecessor-version":[{"id":6619,"href":"https:\/\/enseignementsuptchad.net\/ar\/wp-json\/wp\/v2\/pages\/6241\/revisions\/6619"}],"wp:featuredmedia":[{"embeddable":true,"href":"https:\/\/enseignementsuptchad.net\/ar\/wp-json\/wp\/v2\/media\/6609"}],"wp:attachment":[{"href":"https:\/\/enseignementsuptchad.net\/ar\/wp-json\/wp\/v2\/media?parent=6241"}],"curies":[{"name":"wp","href":"https:\/\/api.w.org\/{rel}","templated":true}]}}